{"id":1039,"date":"2021-03-31T13:54:59","date_gmt":"2021-03-31T13:54:59","guid":{"rendered":"http:\/\/boschettodipiemma.it\/home\/"},"modified":"2025-12-05T16:17:50","modified_gmt":"2025-12-05T16:17:50","slug":"home","status":"publish","type":"page","link":"https:\/\/boschettodipiemma.it\/fr\/","title":{"rendered":"Home"},"content":{"rendered":"<section class=\"l-section wpb_row height_medium width_full with_slider\"><div class=\"l-section-slider\"><div class=\"w-slider style_none fit_cover\"><div class=\"w-slider-h\"><div class=\"royalSlider\"><div class=\"rsContent\"><a class=\"rsImg\" data-rsw=\"1600\" data-rsh=\"1066\" href=\"https:\/\/boschettodipiemma.it\/wp-content\/uploads\/2021\/03\/Slider-1.jpg\"><span data-alt=\"\"><\/span><\/a><\/div><div class=\"rsContent\"><a class=\"rsImg\" data-rsw=\"1600\" data-rsh=\"1066\" href=\"https:\/\/boschettodipiemma.it\/wp-content\/uploads\/2021\/03\/slider-2.jpg\"><span data-alt=\"\"><\/span><\/a><\/div><div class=\"rsContent\"><a class=\"rsImg\" data-rsw=\"2000\" data-rsh=\"1333\" href=\"https:\/\/boschettodipiemma.it\/wp-content\/uploads\/2021\/03\/Camping-boschetto-di-Piemma-immagine-slider-3.jpg\"><span data-alt=\"\"><\/span><\/a><\/div><div class=\"rsContent\"><a class=\"rsImg\" data-rsw=\"1280\" data-rsh=\"960\" href=\"https:\/\/boschettodipiemma.it\/wp-content\/uploads\/2021\/03\/Camping-boschetto-di-piemma-cicloturismo-in-Toscana.jpeg\"><span data-alt=\"\"><\/span><\/a><\/div><div class=\"rsContent\"><a class=\"rsImg\" data-rsw=\"1280\" data-rsh=\"960\" href=\"https:\/\/boschettodipiemma.it\/wp-content\/uploads\/2021\/03\/Camping-boschetto-di-piemma-borghi-e-paesi.jpeg\"><span data-alt=\"\"><\/span><\/a><\/div><\/div><img src=\"https:\/\/boschettodipiemma.it\/wp-content\/uploads\/2021\/03\/Slider-1.jpg\" width=\"1600\" height=\"1066\" alt loading=\"lazy\"><\/div><div class=\"w-slider-json\" onclick='return {&quot;loop&quot;:true,&quot;fadeInLoadedSlide&quot;:false,&quot;slidesSpacing&quot;:0,&quot;imageScalePadding&quot;:0,&quot;numImagesToPreload&quot;:2,&quot;arrowsNav&quot;:false,&quot;arrowsNavAutoHide&quot;:false,&quot;transitionType&quot;:&quot;move&quot;,&quot;transitionSpeed&quot;:300,&quot;block&quot;:{&quot;moveEffect&quot;:&quot;none&quot;,&quot;speed&quot;:300},&quot;controlNavigation&quot;:&quot;none&quot;,&quot;autoplay&quot;:{&quot;enabled&quot;:true,&quot;pauseOnHover&quot;:false,&quot;delay&quot;:3000},&quot;imageScaleMode&quot;:&quot;fill&quot;,&quot;autoScaleSlider&quot;:true,&quot;autoScaleSliderWidth&quot;:1600,&quot;autoScaleSliderHeight&quot;:1066,&quot;fitInViewport&quot;:false}'><\/div><\/div><\/div><div class=\"l-section-h i-cf\"><div class=\"g-cols vc_row type_default valign_middle\"><div class=\"vc_col-sm-3 wpb_column vc_column_container\"><div class=\"vc_column-inner\"><div class=\"wpb_wrapper\"><div class=\"ult-spacer spacer-69ef78464e9cc\" data-id=\"69ef78464e9cc\" data-height=\"500\" data-height-mobile=\"350\" data-height-tab=\"400\" data-height-tab-portrait=\"350\" data-height-mobile-landscape=\"350\" style=\"clear:both;display:block;\"><\/div><\/div><\/div><\/div><div class=\"vc_col-sm-6 wpb_column vc_column_container animate_afc\"><div class=\"vc_column-inner\"><div class=\"wpb_wrapper\"><div class=\"wpb_text_column us_custom_15e12be4\" ><div class=\"wpb_wrapper\"><h1 style=\"text-align: center;\"><span style=\"color: #ffffff;\">Bienvenue au Camping<\/span><br \/>\n<span style=\"color: #ffffff;\">Boschetto di Piemma<\/span><br \/>\n<span style=\"color: #ffffff;\">Ouvert du 25\/03\/2026<\/span><\/h1>\n<\/div><\/div><\/div><\/div><\/div><div class=\"vc_col-sm-3 wpb_column vc_column_container\"><div class=\"vc_column-inner\"><div class=\"wpb_wrapper\"><\/div><\/div><\/div><\/div><\/div><\/section><section class=\"l-section wpb_row height_small\"><div class=\"l-section-h i-cf\"><div class=\"g-cols vc_row type_default valign_middle\"><div class=\"vc_col-sm-1 wpb_column vc_column_container\"><div class=\"vc_column-inner\"><div class=\"wpb_wrapper\"><\/div><\/div><\/div><div class=\"vc_col-sm-2 vc_hidden-xs wpb_column vc_column_container\"><div class=\"vc_column-inner\"><div class=\"wpb_wrapper\"><div class=\"ult-spacer spacer-69ef78464f1f2\" data-id=\"69ef78464f1f2\" data-height=\"50\" data-height-mobile=\"50\" data-height-tab=\"50\" data-height-tab-portrait=\"\" data-height-mobile-landscape=\"\" style=\"clear:both;display:block;\"><\/div><div class=\"w-image align_center animate_afl\"><div class=\"w-image-h\"><img width=\"417\" height=\"405\" src=\"https:\/\/boschettodipiemma.it\/wp-content\/uploads\/2021\/03\/ICONA_CAMPING-01.png\" class=\"attachment-full size-full\" alt=\"\" loading=\"lazy\" srcset=\"https:\/\/boschettodipiemma.it\/wp-content\/uploads\/2021\/03\/ICONA_CAMPING-01.png 417w, https:\/\/boschettodipiemma.it\/wp-content\/uploads\/2021\/03\/ICONA_CAMPING-01-300x291.png 300w\" sizes=\"(max-width: 417px) 100vw, 417px\" \/><\/div><\/div><\/div><\/div><\/div><div class=\"vc_col-sm-8 wpb_column vc_column_container\"><div class=\"vc_column-inner\"><div class=\"wpb_wrapper\"><div class=\"ult-spacer spacer-69ef78464f842\" data-id=\"69ef78464f842\" data-height=\"50\" data-height-mobile=\"50\" data-height-tab=\"50\" data-height-tab-portrait=\"\" data-height-mobile-landscape=\"\" style=\"clear:both;display:block;\"><\/div><div class=\"wpb_text_column\" ><div class=\"wpb_wrapper\"><h1 class=\"com-typo__lead-title\" style=\"text-align: center;\">Camping Boschetto di Piemma<br \/>\nLe camping de <strong> <span style=\"color: #c33e38;\">San Gimignano<\/span><\/strong><\/h1>\n<\/div><\/div><\/div><\/div><\/div><div class=\"vc_col-sm-1 wpb_column vc_column_container\"><div class=\"vc_column-inner\"><div class=\"wpb_wrapper\"><\/div><\/div><\/div><\/div><\/div><\/section><section class=\"l-section wpb_row height_medium\"><div class=\"l-section-h i-cf\"><div class=\"g-cols vc_row type_default valign_top\"><div class=\"vc_col-sm-1 wpb_column vc_column_container\"><div class=\"vc_column-inner\"><div class=\"wpb_wrapper\"><\/div><\/div><\/div><div class=\"vc_col-sm-10 wpb_column vc_column_container\"><div class=\"vc_column-inner\"><div class=\"wpb_wrapper\"><div class=\"wpb_text_column\" ><div class=\"wpb_wrapper\"><p class=\"com-typo__text-block\" style=\"text-align: center;\">\u00c0 2.5 kilom\u00e8tres seulement du bourg de <strong>San Gimignano<\/strong>, notre <strong>camping<\/strong> est raccord\u00e9 \u00e1 la Cit\u00e9e des Belles Tours par une tr\u00e8s belle route panoramique desservi par les transports public. Enfoui dans un bosquet s\u00e9culaire de ch\u00eanes verts et de ch\u00eanes blancs, le camping est le point de d\u00e9part id\u00e9al pour visiter <strong>Siena, Volterra, Firenze, Pisa, Lucca <\/strong>et de nombreuses autres villes et villages de la Toscane.<\/p>\n<p style=\"text-align: center;\">Le <strong>camping<\/strong> est situ\u00e9 le long de la <strong>Via Francigena<\/strong>, la fameuse route qui va de Canterbury \u00e0 Rome, passant d&rsquo;abord par le canal, puis \u00e0 travers la France jusqu&rsquo;\u00e0 ce qu&rsquo;il arrive en Italie et descendant vers la capitale. Notre camping est donc la solution id\u00e9ale non seulement pour ceux qui veulent marcher une section de la Via Francigena, mais aussi pour ceux qui veulent pratiquer le <strong>cyclotourisme<\/strong>.<\/p>\n<p style=\"text-align: center;\">A l\u2019int\u00e9rieur du camping, situ\u00e9 sur la cr\u00eate d\u2019une colline, il y a des emplacements pour <strong>camping-cars, caravanes et tentes<\/strong>, diff\u00e9rents types de <strong>mobil-homes avec cuisine<\/strong> (uniquement dans la partie en bas du camping) et des<strong> chambres triples sans kitchenette<\/strong>.<\/p>\n<\/div><\/div><div class=\"w-separator size_small\"><\/div><\/div><\/div><\/div><div class=\"vc_col-sm-1 wpb_column vc_column_container\"><div class=\"vc_column-inner\"><div class=\"wpb_wrapper\"><\/div><\/div><\/div><\/div><\/div><\/section><section class=\"l-section wpb_row us_custom_66de2327 height_medium\"><div class=\"l-section-h i-cf\"><div class=\"g-cols vc_row type_default valign_top\"><div class=\"vc_col-sm-12 wpb_column vc_column_container\"><div class=\"vc_column-inner\"><div class=\"wpb_wrapper\"><div class=\"g-cols wpb_row  type_default valign_top vc_inner\"><div class=\"vc_col-sm-2 wpb_column vc_column_container\"><div class=\"vc_column-inner\"><div class=\"wpb_wrapper\"><\/div><\/div><\/div><div class=\"vc_col-sm-8 wpb_column vc_column_container\"><div class=\"vc_column-inner\"><div class=\"wpb_wrapper\"><div class=\"wpb_text_column us_custom_6df4bc3a has_text_color\" ><div class=\"wpb_wrapper\"><h2 style=\"text-align: center;\">Nos h\u00e9bergements<\/h2>\n<\/div><\/div><\/div><\/div><\/div><div class=\"vc_col-sm-2 wpb_column vc_column_container\"><div class=\"vc_column-inner\"><div class=\"wpb_wrapper\"><\/div><\/div><\/div><\/div><div class=\"w-separator size_custom with_line width_30 thick_5 style_solid color_secondary align_center\" style=\"height:50px\"><div class=\"w-separator-h\"><\/div><\/div><div class=\"wpb_text_column us_custom_64e1dcdb has_text_color\" ><div class=\"wpb_wrapper\"><h3 style=\"text-align: center;\">Emplacements et Mobilhomes dans la province de Sienne<\/h3>\n<\/div><\/div><div class=\"w-separator size_medium\"><\/div><div class=\"w-grid type_carousel layout_32 cols_3\" id=\"us_grid_1\"><style id=\"us_grid_1_css\">#us_grid_1 .owl-nav div{font-size:1.8rem}#us_grid_1 .w-grid-item{padding:1.5rem}#us_grid_1 .w-grid-list{margin:-1.5rem}.w-grid + #us_grid_1 .w-grid-list{margin-top:1.5rem}<\/style><style>.layout_32 .w-grid-item-h{}.layout_32 .usg_vwrapper_1{color:#333!important;background:#f5f5f5!important}.layout_32 .usg_post_title_1{color:#c33e38!important;margin-left:20px!important;margin-top:20px!important;margin-right:20px!important}.layout_32 .usg_hwrapper_1{margin:20px!important}<\/style><div class=\"w-grid-list owl-carousel navstyle_circle navpos_outside\" >\t<article class=\"w-grid-item post-1229 us_portfolio type-us_portfolio status-publish has-post-thumbnail hentry us_portfolio_category-emplacement\" data-id=\"1229\">\r\n\t\t<div class=\"w-grid-item-h\">\r\n\t\t\t\t\t\t<div class=\"w-post-elm post_image usg_post_image_1 stretched\"><a href=\"https:\/\/boschettodipiemma.it\/fr\/logement\/emplacement-tente-1-8-pers\/\" aria-label=\"Emplacement \u00bb Tente (1-8 pers.)\"><img width=\"1024\" height=\"768\" src=\"https:\/\/boschettodipiemma.it\/wp-content\/uploads\/2021\/03\/Camping-boschetto-di-piemma-san-gimignano-piazzola-tenda_2.jpeg\" class=\"attachment-full size-full wp-post-image\" alt=\"\" loading=\"lazy\" srcset=\"https:\/\/boschettodipiemma.it\/wp-content\/uploads\/2021\/03\/Camping-boschetto-di-piemma-san-gimignano-piazzola-tenda_2.jpeg 1024w, https:\/\/boschettodipiemma.it\/wp-content\/uploads\/2021\/03\/Camping-boschetto-di-piemma-san-gimignano-piazzola-tenda_2-300x225.jpeg 300w\" sizes=\"(max-width: 1024px) 100vw, 1024px\" \/><\/a><\/div><div class=\"w-vwrapper usg_vwrapper_1 align_left valign_middle\"><h5 class=\"w-post-elm post_title usg_post_title_1 entry-title has_text_color\"><a href=\"https:\/\/boschettodipiemma.it\/fr\/logement\/emplacement-tente-1-8-pers\/\">Emplacement \u00bb Tente (1-8 pers.)<\/a><\/h5><div class=\"w-hwrapper usg_hwrapper_1 align_left valign_top\"><div class=\"w-text usg_text_1\"><span class=\"w-text-h\"><i class=\"fas fa-male\"><\/i><span class=\"w-text-value\"><\/span><\/span><\/div><div class=\"w-post-elm post_content usg_post_content_1\"><p>8 personnes<\/p>\n<\/div><\/div><\/div>\t\t<\/div>\r\n\t<\/article>\r\n\t<article class=\"w-grid-item post-1225 us_portfolio type-us_portfolio status-publish has-post-thumbnail hentry us_portfolio_category-emplacement\" data-id=\"1225\">\r\n\t\t<div class=\"w-grid-item-h\">\r\n\t\t\t\t\t\t<div class=\"w-post-elm post_image usg_post_image_1 stretched\"><a href=\"https:\/\/boschettodipiemma.it\/fr\/logement\/emplacement-tente-remorque-1-8-pers\/\" aria-label=\"Emplacement \u00bb Tente Remorque (1-8 pers.)\"><img width=\"1024\" height=\"768\" src=\"https:\/\/boschettodipiemma.it\/wp-content\/uploads\/2021\/03\/Camping-boschetto-di-piemma-san-gimignano-piazzola-tenda_3.jpeg\" class=\"attachment-full size-full wp-post-image\" alt=\"\" loading=\"lazy\" srcset=\"https:\/\/boschettodipiemma.it\/wp-content\/uploads\/2021\/03\/Camping-boschetto-di-piemma-san-gimignano-piazzola-tenda_3.jpeg 1024w, https:\/\/boschettodipiemma.it\/wp-content\/uploads\/2021\/03\/Camping-boschetto-di-piemma-san-gimignano-piazzola-tenda_3-300x225.jpeg 300w\" sizes=\"(max-width: 1024px) 100vw, 1024px\" \/><\/a><\/div><div class=\"w-vwrapper usg_vwrapper_1 align_left valign_middle\"><h5 class=\"w-post-elm post_title usg_post_title_1 entry-title has_text_color\"><a href=\"https:\/\/boschettodipiemma.it\/fr\/logement\/emplacement-tente-remorque-1-8-pers\/\">Emplacement \u00bb Tente Remorque (1-8 pers.)<\/a><\/h5><div class=\"w-hwrapper usg_hwrapper_1 align_left valign_top\"><div class=\"w-text usg_text_1\"><span class=\"w-text-h\"><i class=\"fas fa-male\"><\/i><span class=\"w-text-value\"><\/span><\/span><\/div><div class=\"w-post-elm post_content usg_post_content_1\"><p>8 personnes<\/p>\n<\/div><\/div><\/div>\t\t<\/div>\r\n\t<\/article>\r\n\t<article class=\"w-grid-item post-1217 us_portfolio type-us_portfolio status-publish has-post-thumbnail hentry us_portfolio_category-mobil-home\" data-id=\"1217\">\r\n\t\t<div class=\"w-grid-item-h\">\r\n\t\t\t\t\t\t<div class=\"w-post-elm post_image usg_post_image_1 stretched\"><a href=\"https:\/\/boschettodipiemma.it\/fr\/logement\/mobilhome-charmeur-1-2-pers\/\" aria-label=\"Mobilhome \u00bb Charmeur (1-2 pers.)\"><img width=\"1024\" height=\"768\" src=\"https:\/\/boschettodipiemma.it\/wp-content\/uploads\/2021\/03\/Camping-boschetto-di-piemma-san-gimignano-casa-mobile-charmeur_1.jpeg\" class=\"attachment-full size-full wp-post-image\" alt=\"\" loading=\"lazy\" srcset=\"https:\/\/boschettodipiemma.it\/wp-content\/uploads\/2021\/03\/Camping-boschetto-di-piemma-san-gimignano-casa-mobile-charmeur_1.jpeg 1024w, https:\/\/boschettodipiemma.it\/wp-content\/uploads\/2021\/03\/Camping-boschetto-di-piemma-san-gimignano-casa-mobile-charmeur_1-300x225.jpeg 300w\" sizes=\"(max-width: 1024px) 100vw, 1024px\" \/><\/a><\/div><div class=\"w-vwrapper usg_vwrapper_1 align_left valign_middle\"><h5 class=\"w-post-elm post_title usg_post_title_1 entry-title has_text_color\"><a href=\"https:\/\/boschettodipiemma.it\/fr\/logement\/mobilhome-charmeur-1-2-pers\/\">Mobilhome \u00bb Charmeur (1-2 pers.)<\/a><\/h5><div class=\"w-hwrapper usg_hwrapper_1 align_left valign_top\"><div class=\"w-text usg_text_1\"><span class=\"w-text-h\"><i class=\"fas fa-male\"><\/i><span class=\"w-text-value\"><\/span><\/span><\/div><div class=\"w-post-elm post_content usg_post_content_1\"><p>2 personnes<\/p>\n<\/div><\/div><\/div>\t\t<\/div>\r\n\t<\/article>\r\n\t<article class=\"w-grid-item post-1210 us_portfolio type-us_portfolio status-publish has-post-thumbnail hentry us_portfolio_category-emplacement\" data-id=\"1210\">\r\n\t\t<div class=\"w-grid-item-h\">\r\n\t\t\t\t\t\t<div class=\"w-post-elm post_image usg_post_image_1 stretched\"><a href=\"https:\/\/boschettodipiemma.it\/fr\/logement\/emplacement-camping-car-1-8-pers\/\" aria-label=\"Emplacement \u00bb Camping-car (1-8 pers.)\"><img width=\"1024\" height=\"768\" src=\"https:\/\/boschettodipiemma.it\/wp-content\/uploads\/2021\/03\/Camping-boschetto-di-piemma-san-gimignano-piazzola-camper_1.jpeg\" class=\"attachment-full size-full wp-post-image\" alt=\"\" loading=\"lazy\" srcset=\"https:\/\/boschettodipiemma.it\/wp-content\/uploads\/2021\/03\/Camping-boschetto-di-piemma-san-gimignano-piazzola-camper_1.jpeg 1024w, https:\/\/boschettodipiemma.it\/wp-content\/uploads\/2021\/03\/Camping-boschetto-di-piemma-san-gimignano-piazzola-camper_1-300x225.jpeg 300w\" sizes=\"(max-width: 1024px) 100vw, 1024px\" \/><\/a><\/div><div class=\"w-vwrapper usg_vwrapper_1 align_left valign_middle\"><h5 class=\"w-post-elm post_title usg_post_title_1 entry-title has_text_color\"><a href=\"https:\/\/boschettodipiemma.it\/fr\/logement\/emplacement-camping-car-1-8-pers\/\">Emplacement \u00bb Camping-car (1-8 pers.)<\/a><\/h5><div class=\"w-hwrapper usg_hwrapper_1 align_left valign_top\"><div class=\"w-text usg_text_1\"><span class=\"w-text-h\"><i class=\"fas fa-male\"><\/i><span class=\"w-text-value\"><\/span><\/span><\/div><div class=\"w-post-elm post_content usg_post_content_1\"><p>8 personnes<\/p>\n<\/div><\/div><\/div>\t\t<\/div>\r\n\t<\/article>\r\n\t<article class=\"w-grid-item post-1204 us_portfolio type-us_portfolio status-publish has-post-thumbnail hentry us_portfolio_category-emplacement\" data-id=\"1204\">\r\n\t\t<div class=\"w-grid-item-h\">\r\n\t\t\t\t\t\t<div class=\"w-post-elm post_image usg_post_image_1 stretched\"><a href=\"https:\/\/boschettodipiemma.it\/fr\/logement\/emplacement-caravane-1-8-pers\/\" aria-label=\"Emplacement \u00bb Caravane (1-8 pers.)\"><img width=\"1024\" height=\"768\" src=\"https:\/\/boschettodipiemma.it\/wp-content\/uploads\/2021\/03\/Camping-boschetto-di-piemma-san-gimignano-piazzola-caravan_1.jpeg\" class=\"attachment-full size-full wp-post-image\" alt=\"\" loading=\"lazy\" srcset=\"https:\/\/boschettodipiemma.it\/wp-content\/uploads\/2021\/03\/Camping-boschetto-di-piemma-san-gimignano-piazzola-caravan_1.jpeg 1024w, https:\/\/boschettodipiemma.it\/wp-content\/uploads\/2021\/03\/Camping-boschetto-di-piemma-san-gimignano-piazzola-caravan_1-300x225.jpeg 300w\" sizes=\"(max-width: 1024px) 100vw, 1024px\" \/><\/a><\/div><div class=\"w-vwrapper usg_vwrapper_1 align_left valign_middle\"><h5 class=\"w-post-elm post_title usg_post_title_1 entry-title has_text_color\"><a href=\"https:\/\/boschettodipiemma.it\/fr\/logement\/emplacement-caravane-1-8-pers\/\">Emplacement \u00bb Caravane (1-8 pers.)<\/a><\/h5><div class=\"w-hwrapper usg_hwrapper_1 align_left valign_top\"><div class=\"w-text usg_text_1\"><span class=\"w-text-h\"><i class=\"fas fa-male\"><\/i><span class=\"w-text-value\"><\/span><\/span><\/div><div class=\"w-post-elm post_content usg_post_content_1\"><p>8 personnes<\/p>\n<\/div><\/div><\/div>\t\t<\/div>\r\n\t<\/article>\r\n\t<article class=\"w-grid-item post-1194 us_portfolio type-us_portfolio status-publish has-post-thumbnail hentry us_portfolio_category-mobil-home\" data-id=\"1194\">\r\n\t\t<div class=\"w-grid-item-h\">\r\n\t\t\t\t\t\t<div class=\"w-post-elm post_image usg_post_image_1 stretched\"><a href=\"https:\/\/boschettodipiemma.it\/fr\/logement\/mobilhome-charmeur-3-5-pers\/\" aria-label=\"Mobilhome \u00bb Charmeur (3-5 pers.)\"><img width=\"1024\" height=\"768\" src=\"https:\/\/boschettodipiemma.it\/wp-content\/uploads\/2021\/03\/Camping-boschetto-di-piemma-san-gimignano-casa-mobile-charmeur_2.jpeg\" class=\"attachment-full size-full wp-post-image\" alt=\"\" loading=\"lazy\" srcset=\"https:\/\/boschettodipiemma.it\/wp-content\/uploads\/2021\/03\/Camping-boschetto-di-piemma-san-gimignano-casa-mobile-charmeur_2.jpeg 1024w, https:\/\/boschettodipiemma.it\/wp-content\/uploads\/2021\/03\/Camping-boschetto-di-piemma-san-gimignano-casa-mobile-charmeur_2-300x225.jpeg 300w\" sizes=\"(max-width: 1024px) 100vw, 1024px\" \/><\/a><\/div><div class=\"w-vwrapper usg_vwrapper_1 align_left valign_middle\"><h5 class=\"w-post-elm post_title usg_post_title_1 entry-title has_text_color\"><a href=\"https:\/\/boschettodipiemma.it\/fr\/logement\/mobilhome-charmeur-3-5-pers\/\">Mobilhome \u00bb Charmeur (3-5 pers.)<\/a><\/h5><div class=\"w-hwrapper usg_hwrapper_1 align_left valign_top\"><div class=\"w-text usg_text_1\"><span class=\"w-text-h\"><i class=\"fas fa-male\"><\/i><span class=\"w-text-value\"><\/span><\/span><\/div><div class=\"w-post-elm post_content usg_post_content_1\"><p>5 personnes<\/p>\n<\/div><\/div><\/div>\t\t<\/div>\r\n\t<\/article>\r\n\t<article class=\"w-grid-item post-1186 us_portfolio type-us_portfolio status-publish has-post-thumbnail hentry us_portfolio_category-mobil-home\" data-id=\"1186\">\r\n\t\t<div class=\"w-grid-item-h\">\r\n\t\t\t\t\t\t<div class=\"w-post-elm post_image usg_post_image_1 stretched\"><a href=\"https:\/\/boschettodipiemma.it\/fr\/logement\/mobilhome-tuscan-sun-1-2-pers\/\" aria-label=\"Mobilhome \u00bb Tuscan Sun (1-2 pers.)\"><img width=\"1024\" height=\"768\" src=\"https:\/\/boschettodipiemma.it\/wp-content\/uploads\/2021\/03\/Camping-boschetto-di-piemma-san-gimignano-casa-mobile-tuscan_sun_1-2posti_1.jpeg\" class=\"attachment-full size-full wp-post-image\" alt=\"\" loading=\"lazy\" srcset=\"https:\/\/boschettodipiemma.it\/wp-content\/uploads\/2021\/03\/Camping-boschetto-di-piemma-san-gimignano-casa-mobile-tuscan_sun_1-2posti_1.jpeg 1024w, https:\/\/boschettodipiemma.it\/wp-content\/uploads\/2021\/03\/Camping-boschetto-di-piemma-san-gimignano-casa-mobile-tuscan_sun_1-2posti_1-300x225.jpeg 300w\" sizes=\"(max-width: 1024px) 100vw, 1024px\" \/><\/a><\/div><div class=\"w-vwrapper usg_vwrapper_1 align_left valign_middle\"><h5 class=\"w-post-elm post_title usg_post_title_1 entry-title has_text_color\"><a href=\"https:\/\/boschettodipiemma.it\/fr\/logement\/mobilhome-tuscan-sun-1-2-pers\/\">Mobilhome \u00bb Tuscan Sun (1-2 pers.)<\/a><\/h5><div class=\"w-hwrapper usg_hwrapper_1 align_left valign_top\"><div class=\"w-text usg_text_1\"><span class=\"w-text-h\"><i class=\"fas fa-male\"><\/i><span class=\"w-text-value\"><\/span><\/span><\/div><div class=\"w-post-elm post_content usg_post_content_1\"><p>2 personnes<\/p>\n<\/div><\/div><\/div>\t\t<\/div>\r\n\t<\/article>\r\n\t<article class=\"w-grid-item post-1171 us_portfolio type-us_portfolio status-publish has-post-thumbnail hentry us_portfolio_category-mobil-home\" data-id=\"1171\">\r\n\t\t<div class=\"w-grid-item-h\">\r\n\t\t\t\t\t\t<div class=\"w-post-elm post_image usg_post_image_1 stretched\"><a href=\"https:\/\/boschettodipiemma.it\/fr\/logement\/mobilhome-tuscan-sun-3-5-pers\/\" aria-label=\"Mobilhome \u00bb Tuscan Sun (3-5 pers.)\"><img width=\"1024\" height=\"768\" src=\"https:\/\/boschettodipiemma.it\/wp-content\/uploads\/2021\/03\/Camping-boschetto-di-piemma-san-gimignano-casa-mobile-tuscan_sun_3-5posti_1.jpeg\" class=\"attachment-full size-full wp-post-image\" alt=\"\" loading=\"lazy\" srcset=\"https:\/\/boschettodipiemma.it\/wp-content\/uploads\/2021\/03\/Camping-boschetto-di-piemma-san-gimignano-casa-mobile-tuscan_sun_3-5posti_1.jpeg 1024w, https:\/\/boschettodipiemma.it\/wp-content\/uploads\/2021\/03\/Camping-boschetto-di-piemma-san-gimignano-casa-mobile-tuscan_sun_3-5posti_1-300x225.jpeg 300w\" sizes=\"(max-width: 1024px) 100vw, 1024px\" \/><\/a><\/div><div class=\"w-vwrapper usg_vwrapper_1 align_left valign_middle\"><h5 class=\"w-post-elm post_title usg_post_title_1 entry-title has_text_color\"><a href=\"https:\/\/boschettodipiemma.it\/fr\/logement\/mobilhome-tuscan-sun-3-5-pers\/\">Mobilhome \u00bb Tuscan Sun (3-5 pers.)<\/a><\/h5><div class=\"w-hwrapper usg_hwrapper_1 align_left valign_top\"><div class=\"w-text usg_text_1\"><span class=\"w-text-h\"><i class=\"fas fa-male\"><\/i><span class=\"w-text-value\"><\/span><\/span><\/div><div class=\"w-post-elm post_content usg_post_content_1\"><p>5 personnes<\/p>\n<\/div><\/div><\/div>\t\t<\/div>\r\n\t<\/article>\r\n\t<article class=\"w-grid-item post-1164 us_portfolio type-us_portfolio status-publish has-post-thumbnail hentry us_portfolio_category-mobil-home\" data-id=\"1164\">\r\n\t\t<div class=\"w-grid-item-h\">\r\n\t\t\t\t\t\t<div class=\"w-post-elm post_image usg_post_image_1 stretched\"><a href=\"https:\/\/boschettodipiemma.it\/fr\/logement\/mobilhome-grand-charme-6-7-pers\/\" aria-label=\"Mobilhome \u00bb Grand Charme (6-7 pers.)\"><img width=\"1024\" height=\"768\" src=\"https:\/\/boschettodipiemma.it\/wp-content\/uploads\/2021\/03\/Camping-boschetto-di-piemma-san-gimignano-casa-mobile-grand-charme_6-7posti_2.jpeg\" class=\"attachment-full size-full wp-post-image\" alt=\"\" loading=\"lazy\" srcset=\"https:\/\/boschettodipiemma.it\/wp-content\/uploads\/2021\/03\/Camping-boschetto-di-piemma-san-gimignano-casa-mobile-grand-charme_6-7posti_2.jpeg 1024w, https:\/\/boschettodipiemma.it\/wp-content\/uploads\/2021\/03\/Camping-boschetto-di-piemma-san-gimignano-casa-mobile-grand-charme_6-7posti_2-300x225.jpeg 300w\" sizes=\"(max-width: 1024px) 100vw, 1024px\" \/><\/a><\/div><div class=\"w-vwrapper usg_vwrapper_1 align_left valign_middle\"><h5 class=\"w-post-elm post_title usg_post_title_1 entry-title has_text_color\"><a href=\"https:\/\/boschettodipiemma.it\/fr\/logement\/mobilhome-grand-charme-6-7-pers\/\">Mobilhome \u00bb Grand Charme (6-7 pers.)<\/a><\/h5><div class=\"w-hwrapper usg_hwrapper_1 align_left valign_top\"><div class=\"w-text usg_text_1\"><span class=\"w-text-h\"><i class=\"fas fa-male\"><\/i><span class=\"w-text-value\"><\/span><\/span><\/div><div class=\"w-post-elm post_content usg_post_content_1\"><p>7 personnes<\/p>\n<\/div><\/div><\/div>\t\t<\/div>\r\n\t<\/article>\r\n\t<article class=\"w-grid-item post-1155 us_portfolio type-us_portfolio status-publish has-post-thumbnail hentry us_portfolio_category-mobil-home\" data-id=\"1155\">\r\n\t\t<div class=\"w-grid-item-h\">\r\n\t\t\t\t\t\t<div class=\"w-post-elm post_image usg_post_image_1 stretched\"><a href=\"https:\/\/boschettodipiemma.it\/fr\/logement\/mobilhome-sans-cuisine-green-room\/\" aria-label=\"Mobilhome (sans cuisine) \u00bb Green room\"><img width=\"1024\" height=\"768\" src=\"https:\/\/boschettodipiemma.it\/wp-content\/uploads\/2021\/03\/Camping-boschetto-di-piemma-san-gimignano-casa-mobile-green-room_1.jpeg\" class=\"attachment-full size-full wp-post-image\" alt=\"\" loading=\"lazy\" srcset=\"https:\/\/boschettodipiemma.it\/wp-content\/uploads\/2021\/03\/Camping-boschetto-di-piemma-san-gimignano-casa-mobile-green-room_1.jpeg 1024w, https:\/\/boschettodipiemma.it\/wp-content\/uploads\/2021\/03\/Camping-boschetto-di-piemma-san-gimignano-casa-mobile-green-room_1-300x225.jpeg 300w\" sizes=\"(max-width: 1024px) 100vw, 1024px\" \/><\/a><\/div><div class=\"w-vwrapper usg_vwrapper_1 align_left valign_middle\"><h5 class=\"w-post-elm post_title usg_post_title_1 entry-title has_text_color\"><a href=\"https:\/\/boschettodipiemma.it\/fr\/logement\/mobilhome-sans-cuisine-green-room\/\">Mobilhome (sans cuisine) \u00bb Green room<\/a><\/h5><div class=\"w-hwrapper usg_hwrapper_1 align_left valign_top\"><div class=\"w-text usg_text_1\"><span class=\"w-text-h\"><i class=\"fas fa-male\"><\/i><span class=\"w-text-value\"><\/span><\/span><\/div><div class=\"w-post-elm post_content usg_post_content_1\"><p>7 personnes<\/p>\n<\/div><\/div><\/div>\t\t<\/div>\r\n\t<\/article>\r\n<\/div><div class=\"g-preloader type_1\">\r\n\t<div><\/div>\r\n<\/div>\r\n\t<div class=\"w-grid-json hidden\" onclick='return {&quot;action&quot;:&quot;us_ajax_grid&quot;,&quot;ajax_url&quot;:&quot;https:\\\/\\\/boschettodipiemma.it\\\/wp-admin\\\/admin-ajax.php&quot;,&quot;infinite_scroll&quot;:0,&quot;max_num_pages&quot;:1,&quot;pagination&quot;:&quot;none&quot;,&quot;permalink_url&quot;:&quot;https:\\\/\\\/boschettodipiemma.it\\\/fr\\\/wp-json\\\/wp\\\/v2\\\/pages\\\/1039\\\/&quot;,&quot;template_vars&quot;:{&quot;columns&quot;:&quot;3&quot;,&quot;exclude_items&quot;:&quot;none&quot;,&quot;img_size&quot;:&quot;default&quot;,&quot;ignore_items_size&quot;:false,&quot;items_layout&quot;:&quot;32&quot;,&quot;items_offset&quot;:&quot;1&quot;,&quot;load_animation&quot;:&quot;none&quot;,&quot;overriding_link&quot;:&quot;none&quot;,&quot;post_id&quot;:1039,&quot;query_args&quot;:{&quot;post_type&quot;:[&quot;us_portfolio&quot;],&quot;tax_query&quot;:[{&quot;taxonomy&quot;:&quot;us_portfolio_category&quot;,&quot;field&quot;:&quot;slug&quot;,&quot;terms&quot;:[&quot;piazzola&quot;,&quot;casa-mobile&quot;,&quot;sistemazione&quot;,&quot;tenda-bungalow&quot;]}],&quot;post_status&quot;:[&quot;publish&quot;,&quot;dp-rewrite-republish&quot;],&quot;posts_per_page&quot;:999},&quot;orderby_query_args&quot;:{&quot;orderby&quot;:{&quot;date&quot;:&quot;DESC&quot;}},&quot;type&quot;:&quot;carousel&quot;,&quot;us_grid_ajax_index&quot;:1,&quot;us_grid_filter_params&quot;:null,&quot;us_grid_index&quot;:1,&quot;_us_grid_post_type&quot;:&quot;us_portfolio&quot;,&quot;lang&quot;:&quot;fr&quot;},&quot;carousel_settings&quot;:{&quot;autoHeight&quot;:0,&quot;autoplay&quot;:0,&quot;carousel_fade&quot;:0,&quot;center&quot;:0,&quot;dots&quot;:0,&quot;items&quot;:&quot;3&quot;,&quot;loop&quot;:false,&quot;nav&quot;:1,&quot;slideby&quot;:&quot;1&quot;,&quot;smooth_play&quot;:0,&quot;speed&quot;:250,&quot;timeout&quot;:3000,&quot;transition&quot;:&quot;&quot;},&quot;carousel_breakpoints&quot;:{&quot;1200&quot;:{&quot;items&quot;:3},&quot;900&quot;:{&quot;autoHeight&quot;:0,&quot;autoplay&quot;:1,&quot;autoplayHoverPause&quot;:1,&quot;items&quot;:3,&quot;loop&quot;:false},&quot;600&quot;:{&quot;autoHeight&quot;:0,&quot;autoplay&quot;:1,&quot;autoplayHoverPause&quot;:1,&quot;items&quot;:2,&quot;loop&quot;:false},&quot;0&quot;:{&quot;autoHeight&quot;:0,&quot;autoplay&quot;:1,&quot;autoplayHoverPause&quot;:1,&quot;items&quot;:1,&quot;loop&quot;:true}}}'><\/div>\r\n\t<\/div><\/div><\/div><\/div><\/div><\/div><\/section><!-- Row Backgrounds --><div class=\"upb_color\" data-bg-override=\"0\" data-bg-color=\"#c33e38\" data-fadeout=\"\" data-fadeout-percentage=\"30\" data-parallax-content=\"\" data-parallax-content-sense=\"30\" data-row-effect-mobile-disable=\"true\" data-img-parallax-mobile-disable=\"true\" data-rtl=\"false\"  data-custom-vc-row=\"\"  data-vc=\"6.6.0\"  data-is_old_vc=\"\"  data-theme-support=\"\"   data-overlay=\"false\" data-overlay-color=\"\" data-overlay-pattern=\"\" data-overlay-pattern-opacity=\"\" data-overlay-pattern-size=\"\"    ><\/div><section class=\"l-section wpb_row height_medium\"><div class=\"l-section-h i-cf\"><div class=\"g-cols vc_row type_default valign_top\"><div class=\"vc_col-sm-12 wpb_column vc_column_container\"><div class=\"vc_column-inner\"><div class=\"wpb_wrapper\"><div class=\"g-cols wpb_row  type_default valign_top vc_inner\"><div class=\"vc_col-sm-2 wpb_column vc_column_container\"><div class=\"vc_column-inner\"><div class=\"wpb_wrapper\"><\/div><\/div><\/div><div class=\"vc_col-sm-8 wpb_column vc_column_container\"><div class=\"vc_column-inner\"><div class=\"wpb_wrapper\"><div class=\"wpb_text_column us_custom_df5f4c97 has_text_color\" ><div class=\"wpb_wrapper\"><h2 style=\"text-align: center;\">Vacances en Toscane<\/h2>\n<\/div><\/div><\/div><\/div><\/div><div class=\"vc_col-sm-2 wpb_column vc_column_container\"><div class=\"vc_column-inner\"><div class=\"wpb_wrapper\"><\/div><\/div><\/div><\/div><div class=\"w-separator size_custom with_line width_30 thick_5 style_solid color_secondary align_center\" style=\"height:50px\"><div class=\"w-separator-h\"><\/div><\/div><div class=\"wpb_text_column us_custom_434f2b1f has_text_color\" ><div class=\"wpb_wrapper\"><h3 class=\"com-typo__subtitle\" style=\"text-align: center;\">Bonne cuisine, sport et nombreux autres services<\/h3>\n<\/div><\/div><div class=\"w-separator size_huge\"><\/div><div class=\"g-cols wpb_row  type_default valign_middle vc_inner\"><div class=\"vc_col-sm-1 wpb_column vc_column_container\"><div class=\"vc_column-inner\"><div class=\"wpb_wrapper\"><div class=\"w-iconbox iconpos_top style_default color_primary align_center no_title no_text\"><div class=\"w-iconbox-icon\" style=\"font-size:55px;\"><i class=\"fas fa-utensils\"><\/i><\/div><div class=\"w-iconbox-meta\"><\/div><\/div><\/div><\/div><\/div><div class=\"vc_col-sm-5 wpb_column vc_column_container\"><div class=\"vc_column-inner\"><div class=\"wpb_wrapper\"><div class=\"wpb_text_column\" ><div class=\"wpb_wrapper\"><p>Notre Bar Restaurant Pizzeria Selva delle Torri vous attend avec des plats savoureux de&#8230;<\/p>\n<\/div><\/div><div class=\"w-btn-wrapper width_auto align_left\"><a class=\"w-btn us-btn-style_1\" href=\"\/fr\/services\/#restaurant\"><span class=\"w-btn-label\">En savoir<\/span><\/a><\/div><\/div><\/div><\/div><div class=\"vc_col-sm-1 wpb_column vc_column_container\"><div class=\"vc_column-inner\"><div class=\"wpb_wrapper\"><div class=\"w-iconbox iconpos_top style_default color_primary align_center no_title no_text\"><div class=\"w-iconbox-icon\" style=\"font-size:55px;\"><i class=\"fas fa-swimming-pool\"><\/i><\/div><div class=\"w-iconbox-meta\"><\/div><\/div><\/div><\/div><\/div><div class=\"vc_col-sm-5 wpb_column vc_column_container\"><div class=\"vc_column-inner\"><div class=\"wpb_wrapper\"><div class=\"wpb_text_column\" ><div class=\"wpb_wrapper\"><p>Piscine avec hydromassage, la piscine pour les enfants, aire de jeux et des&#8230;<\/p>\n<\/div><\/div><div class=\"w-btn-wrapper width_auto align_left\"><a class=\"w-btn us-btn-style_1\" href=\"\/fr\/services\/#sport\"><span class=\"w-btn-label\">En savoir<\/span><\/a><\/div><\/div><\/div><\/div><\/div><\/div><\/div><\/div><\/div><\/div><\/section><!-- Row Backgrounds --><div class=\"upb_color\" data-bg-override=\"0\" data-bg-color=\"#ffffff\" data-fadeout=\"\" data-fadeout-percentage=\"30\" data-parallax-content=\"\" data-parallax-content-sense=\"30\" data-row-effect-mobile-disable=\"true\" data-img-parallax-mobile-disable=\"true\" data-rtl=\"false\"  data-custom-vc-row=\"\"  data-vc=\"6.6.0\"  data-is_old_vc=\"\"  data-theme-support=\"\"   data-overlay=\"false\" data-overlay-color=\"\" data-overlay-pattern=\"\" data-overlay-pattern-opacity=\"\" data-overlay-pattern-size=\"\"    ><\/div><section class=\"l-section wpb_row us_custom_c3a230ed height_small width_full with_shape\"><div class=\"l-section-shape type_wave pos_top on_front\" style=\"color:#fff;height:50px;\"><svg xmlns=\"http:\/\/www.w3.org\/2000\/svg\" viewBox=\"0 4 64 4\" preserveAspectRatio=\"none\" width=\"100%\" height=\"100%\">\r\n\t<path fill=\"currentColor\" d=\"M64 6 C32 0 32 12 0 6 L0 8 L64 8 Z\"\/>\r\n<\/svg><\/div><div class=\"l-section-shape type_wave pos_bottom on_front hor_flip\" style=\"color:#ffc107;height:50px;\"><svg xmlns=\"http:\/\/www.w3.org\/2000\/svg\" viewBox=\"0 4 64 4\" preserveAspectRatio=\"none\" width=\"100%\" height=\"100%\">\r\n\t<path fill=\"currentColor\" d=\"M64 6 C32 0 32 12 0 6 L0 8 L64 8 Z\"\/>\r\n<\/svg><\/div><div class=\"l-section-h i-cf\"><div class=\"g-cols vc_row type_default valign_top\"><div class=\"vc_col-sm-12 wpb_column vc_column_container\"><div class=\"vc_column-inner\"><div class=\"wpb_wrapper\"><div class=\"ult-spacer spacer-69ef78465d56e\" data-id=\"69ef78465d56e\" data-height=\"270\" data-height-mobile=\"270\" data-height-tab=\"270\" data-height-tab-portrait=\"\" data-height-mobile-landscape=\"\" style=\"clear:both;display:block;\"><\/div><\/div><\/div><\/div><\/div><\/div><\/section><section class=\"l-section wpb_row height_large\"><div class=\"l-section-h i-cf\"><div class=\"g-cols vc_row type_default valign_top\"><div class=\"vc_col-sm-12 wpb_column vc_column_container has_text_color\"><div class=\"vc_column-inner us_custom_8b3d6790\"><div class=\"wpb_wrapper\"><div class=\"g-cols wpb_row  type_default valign_top vc_inner\"><div class=\"vc_col-sm-2 wpb_column vc_column_container\"><div class=\"vc_column-inner\"><div class=\"wpb_wrapper\"><\/div><\/div><\/div><div class=\"vc_col-sm-8 wpb_column vc_column_container has_text_color\"><div class=\"vc_column-inner us_custom_6df4bc3a\"><div class=\"wpb_wrapper\"><div class=\"wpb_text_column\" ><div class=\"wpb_wrapper\"><h2 class=\"com-typo__title\" style=\"text-align: center;\">Itin\u00e9raires et excursions en Toscane<\/h2>\n<\/div><\/div><\/div><\/div><\/div><div class=\"vc_col-sm-2 wpb_column vc_column_container\"><div class=\"vc_column-inner\"><div class=\"wpb_wrapper\"><\/div><\/div><\/div><\/div><div class=\"w-separator us_custom_6df4bc3a size_custom has_text_color with_line width_30 thick_5 style_solid color_text align_center\" style=\"height:50px\"><div class=\"w-separator-h\"><\/div><\/div><div class=\"wpb_text_column\" ><div class=\"wpb_wrapper\"><h3 class=\"com-typo__subtitle\" style=\"text-align: center;\">D\u00e9couvrez les villes d&rsquo;art et les alentours du camping<\/h3>\n<\/div><\/div><\/div><\/div><\/div><\/div><\/div><\/section><!-- Row Backgrounds --><div class=\"upb_color\" data-bg-override=\"0\" data-bg-color=\"#f6c244\" data-fadeout=\"\" data-fadeout-percentage=\"30\" data-parallax-content=\"\" data-parallax-content-sense=\"30\" data-row-effect-mobile-disable=\"true\" data-img-parallax-mobile-disable=\"true\" data-rtl=\"false\"  data-custom-vc-row=\"\"  data-vc=\"6.6.0\"  data-is_old_vc=\"\"  data-theme-support=\"\"   data-overlay=\"false\" data-overlay-color=\"\" data-overlay-pattern=\"\" data-overlay-pattern-opacity=\"\" data-overlay-pattern-size=\"\"    ><\/div><section class=\"l-section wpb_row us_custom_0db20381 height_small width_full\"><div class=\"l-section-h i-cf\"><div class=\"g-cols vc_row type_default valign_top\"><div class=\"vc_col-sm-12 wpb_column vc_column_container\"><div class=\"vc_column-inner\"><div class=\"wpb_wrapper\"><div class=\"w-map provider_osm us_map_1\" id=\"us_map_1\"><div class=\"w-map-json\" onclick='return {&quot;address&quot;:&quot;43.4534763 11.0516708&quot;,&quot;markers&quot;:[{&quot;address&quot;:&quot;43.4534763 11.0516708&quot;,&quot;html&quot;:&quot;&lt;h6&gt;Hey, nous sommes ici!&lt;\\\/h6&gt;\\r\\n\\r\\n&lt;h7&gt;Camping Boschetto di Piemma\\r\\nLocalit\\u00e0 Santa Lucia 38\\\/c\\r\\n53037 \\u2013 San Gimignano \\u2013 SIENA\\r\\nTel.: +39 0577.907134\\r\\nFax: +39 0577.907453\\r\\nEmail: info@boschettodipiemma.it&lt;\\\/h7&gt;&quot;,&quot;infowindow&quot;:false}],&quot;zoom&quot;:9,&quot;icon&quot;:{&quot;url&quot;:&quot;https:\\\/\\\/boschettodipiemma.it\\\/wp-content\\\/uploads\\\/2021\\\/03\\\/INCON_PIN-150x150.png&quot;,&quot;size&quot;:[40,40]},&quot;height&quot;:400,&quot;style&quot;:&quot;https:\\\/\\\/{s}.tile.openstreetmap.org\\\/{z}\\\/{x}\\\/{y}.png&quot;,&quot;disableZoom&quot;:true}'><\/div><\/div><\/div><\/div><\/div><\/div><\/div><\/section><!-- Row Backgrounds --><div class=\"upb_color\" data-bg-override=\"0\" data-bg-color=\"#f6c244\" data-fadeout=\"\" data-fadeout-percentage=\"30\" data-parallax-content=\"\" data-parallax-content-sense=\"30\" data-row-effect-mobile-disable=\"true\" data-img-parallax-mobile-disable=\"true\" data-rtl=\"false\"  data-custom-vc-row=\"\"  data-vc=\"6.6.0\"  data-is_old_vc=\"\"  data-theme-support=\"\"   data-overlay=\"false\" data-overlay-color=\"\" data-overlay-pattern=\"\" data-overlay-pattern-opacity=\"\" data-overlay-pattern-size=\"\"    ><\/div><section class=\"l-section wpb_row height_medium\"><div class=\"l-section-h i-cf\"><div class=\"g-cols vc_row type_default valign_top\"><div class=\"vc_col-sm-12 wpb_column vc_column_container\"><div class=\"vc_column-inner\"><div class=\"wpb_wrapper\"><div class=\"g-cols wpb_row  type_default valign_top vc_inner\"><div class=\"vc_col-sm-2 wpb_column vc_column_container\"><div class=\"vc_column-inner\"><div class=\"wpb_wrapper\"><\/div><\/div><\/div><div class=\"vc_col-sm-8 wpb_column vc_column_container\"><div class=\"vc_column-inner\"><div class=\"wpb_wrapper\"><div class=\"wpb_text_column us_custom_df5f4c97 has_text_color\" ><div class=\"wpb_wrapper\"><h2 class=\"com-typo__title\" style=\"text-align: center;\">Offres pour vos vacance \u00e0 San Gimignano<\/h2>\n<\/div><\/div><\/div><\/div><\/div><div class=\"vc_col-sm-2 wpb_column vc_column_container\"><div class=\"vc_column-inner\"><div class=\"wpb_wrapper\"><\/div><\/div><\/div><\/div><div class=\"w-separator size_custom with_line width_30 thick_5 style_solid color_secondary align_center\" style=\"height:50px\"><div class=\"w-separator-h\"><\/div><\/div><div class=\"wpb_text_column us_custom_434f2b1f has_text_color\" ><div class=\"wpb_wrapper\"><h3 class=\"com-typo__subtitle\" style=\"text-align: center;\">Ne manquez pas nos promotions et r\u00e9servez vos vacances<\/h3>\n<\/div><\/div><div class=\"w-separator size_huge\"><\/div><div class=\"g-cols wpb_row  type_default valign_middle vc_inner\"><div class=\"vc_col-sm-12 wpb_column vc_column_container\"><div class=\"vc_column-inner\"><div class=\"wpb_wrapper\"><div class=\"w-grid type_carousel layout_447 cols_2\" id=\"us_grid_2\"><style id=\"us_grid_2_css\">#us_grid_2 .w-grid-item{padding:2.5rem}#us_grid_2 .w-grid-list{margin:-2.5rem}.w-grid + #us_grid_2 .w-grid-list{margin-top:2.5rem}<\/style><style>.layout_447 .w-grid-item-h{}@media(max-width:899px){.layout_447 .usg_hwrapper_2{display:none!important}}@media(max-width:699px){.layout_447 .usg_post_content_1{display:none!important}}.layout_447 .usg_post_image_1{max-width:40%!important}.layout_447 .usg_post_title_1{color:#c33e38!important;font-family:'Roboto Slab',serif!important;font-size:1.6rem!important;margin-bottom:0.3rem!important;margin-right:5px!important}.layout_447 .usg_hwrapper_1{background:#f5f5f5!important}.layout_447 .usg_hwrapper_2{color:#999!important;font-size:13px!important;line-height:1.6!important}.layout_447 .usg_vwrapper_1{margin-top:20px!important;margin-bottom:20px!important}.layout_447 .usg_post_content_1{width:90%!important}@media (min-width:600px) and (max-width:1023px){.layout_447 .usg_post_title_1{font-size:1.4rem!important}.layout_447 .usg_vwrapper_1{margin:5px!important}.layout_447 .usg_post_content_1{font-size:1.3!important}}@media (max-width:599px){.layout_447 .usg_post_title_1{font-size:1.0rem!important}.layout_447 .usg_post_content_1{font-size:1.3!important}}<\/style><div class=\"w-grid-list owl-carousel navstyle_circle navpos_outside\" >\t<article class=\"w-grid-item post-1143 us_portfolio type-us_portfolio status-publish has-post-thumbnail hentry us_portfolio_category-offres\" data-id=\"1143\">\r\n\t\t<div class=\"w-grid-item-h\">\r\n\t\t\t\t\t\t<div class=\"w-hwrapper usg_hwrapper_1 align_left valign_top\"><div class=\"w-post-elm post_image usg_post_image_1 has_ratio\"><div style=\"padding-bottom:100.0000%\"><\/div><a href=\"https:\/\/boschettodipiemma.it\/fr\/logement\/offre-mobilhomes-moyenne-saison\/\" aria-label=\"Offre Mobilhomes moyenne saison\"><img width=\"300\" height=\"225\" src=\"https:\/\/boschettodipiemma.it\/wp-content\/uploads\/2021\/03\/Camping-boschetto-di-piemma-san-gimignano-offerta_case_mobili_media_stagione-300x225.jpeg\" class=\"attachment-medium size-medium wp-post-image\" alt=\"\" loading=\"lazy\" srcset=\"https:\/\/boschettodipiemma.it\/wp-content\/uploads\/2021\/03\/Camping-boschetto-di-piemma-san-gimignano-offerta_case_mobili_media_stagione-300x225.jpeg 300w, https:\/\/boschettodipiemma.it\/wp-content\/uploads\/2021\/03\/Camping-boschetto-di-piemma-san-gimignano-offerta_case_mobili_media_stagione-1024x768.jpeg 1024w, https:\/\/boschettodipiemma.it\/wp-content\/uploads\/2021\/03\/Camping-boschetto-di-piemma-san-gimignano-offerta_case_mobili_media_stagione.jpeg 1280w\" sizes=\"(max-width: 300px) 100vw, 300px\" \/><\/a><\/div><div class=\"w-vwrapper usg_vwrapper_1 align_left valign_top\"><span class=\"w-post-elm post_title usg_post_title_1 entry-title color_link_inherit has_text_color\"><a href=\"https:\/\/boschettodipiemma.it\/fr\/logement\/offre-mobilhomes-moyenne-saison\/\">Offre Mobilhomes moyenne saison<\/a><\/span><div class=\"w-hwrapper usg_hwrapper_2 align_left valign_top wrap\"><div class=\"w-post-elm post_content usg_post_content_1\"><p>(06\/04 &#8211; 01\/05; 26\/05 &#8211; 07\/07; 27\/08 &#8211; 03\/09)<br \/>\n15% de r\u00e9duction dans nos mobilhomes. <\/p>\n<\/div><\/div><\/div><\/div>\t\t<\/div>\r\n\t<\/article>\r\n\t<article class=\"w-grid-item post-1138 us_portfolio type-us_portfolio status-publish has-post-thumbnail hentry us_portfolio_category-offres\" data-id=\"1138\">\r\n\t\t<div class=\"w-grid-item-h\">\r\n\t\t\t\t\t\t<div class=\"w-hwrapper usg_hwrapper_1 align_left valign_top\"><div class=\"w-post-elm post_image usg_post_image_1 has_ratio\"><div style=\"padding-bottom:100.0000%\"><\/div><a href=\"https:\/\/boschettodipiemma.it\/fr\/logement\/offre-mobilhome-basse-saison\/\" aria-label=\"Offre Mobilhome basse saison\"><img width=\"300\" height=\"225\" src=\"https:\/\/boschettodipiemma.it\/wp-content\/uploads\/2021\/03\/Camping-boschetto-di-piemma-san-gimignano-offerta_case_mobili_media_stagione-300x225.jpeg\" class=\"attachment-medium size-medium wp-post-image\" alt=\"\" loading=\"lazy\" srcset=\"https:\/\/boschettodipiemma.it\/wp-content\/uploads\/2021\/03\/Camping-boschetto-di-piemma-san-gimignano-offerta_case_mobili_media_stagione-300x225.jpeg 300w, https:\/\/boschettodipiemma.it\/wp-content\/uploads\/2021\/03\/Camping-boschetto-di-piemma-san-gimignano-offerta_case_mobili_media_stagione-1024x768.jpeg 1024w, https:\/\/boschettodipiemma.it\/wp-content\/uploads\/2021\/03\/Camping-boschetto-di-piemma-san-gimignano-offerta_case_mobili_media_stagione.jpeg 1280w\" sizes=\"(max-width: 300px) 100vw, 300px\" \/><\/a><\/div><div class=\"w-vwrapper usg_vwrapper_1 align_left valign_top\"><span class=\"w-post-elm post_title usg_post_title_1 entry-title color_link_inherit has_text_color\"><a href=\"https:\/\/boschettodipiemma.it\/fr\/logement\/offre-mobilhome-basse-saison\/\">Offre Mobilhome basse saison<\/a><\/span><div class=\"w-hwrapper usg_hwrapper_2 align_left valign_top wrap\"><div class=\"w-post-elm post_content usg_post_content_1\"><p>(01\/05 &#8211; 26\/05; 03\/09 &#8211; 01\/11)<br \/>\n30% de r\u00e9duction dans nos mobilhomes.<\/p>\n<\/div><\/div><\/div><\/div>\t\t<\/div>\r\n\t<\/article>\r\n<\/div><div class=\"g-preloader type_1\">\r\n\t<div><\/div>\r\n<\/div>\r\n\t<div class=\"w-grid-json hidden\" onclick='return {&quot;action&quot;:&quot;us_ajax_grid&quot;,&quot;ajax_url&quot;:&quot;https:\\\/\\\/boschettodipiemma.it\\\/wp-admin\\\/admin-ajax.php&quot;,&quot;infinite_scroll&quot;:0,&quot;max_num_pages&quot;:1,&quot;pagination&quot;:&quot;none&quot;,&quot;permalink_url&quot;:&quot;https:\\\/\\\/boschettodipiemma.it\\\/fr\\\/wp-json\\\/wp\\\/v2\\\/pages\\\/1039\\\/&quot;,&quot;template_vars&quot;:{&quot;columns&quot;:&quot;2&quot;,&quot;exclude_items&quot;:&quot;none&quot;,&quot;img_size&quot;:&quot;default&quot;,&quot;ignore_items_size&quot;:false,&quot;items_layout&quot;:&quot;447&quot;,&quot;items_offset&quot;:&quot;1&quot;,&quot;load_animation&quot;:&quot;none&quot;,&quot;overriding_link&quot;:&quot;none&quot;,&quot;post_id&quot;:1155,&quot;query_args&quot;:{&quot;post_type&quot;:[&quot;us_portfolio&quot;],&quot;tax_query&quot;:[{&quot;taxonomy&quot;:&quot;us_portfolio_category&quot;,&quot;field&quot;:&quot;slug&quot;,&quot;terms&quot;:[&quot;offers&quot;]}],&quot;post_status&quot;:[&quot;publish&quot;,&quot;dp-rewrite-republish&quot;],&quot;posts_per_page&quot;:999},&quot;orderby_query_args&quot;:{&quot;orderby&quot;:{&quot;date&quot;:&quot;DESC&quot;}},&quot;type&quot;:&quot;carousel&quot;,&quot;us_grid_ajax_index&quot;:2,&quot;us_grid_filter_params&quot;:null,&quot;us_grid_index&quot;:2,&quot;_us_grid_post_type&quot;:&quot;us_portfolio&quot;,&quot;lang&quot;:&quot;fr&quot;},&quot;carousel_settings&quot;:{&quot;autoHeight&quot;:0,&quot;autoplay&quot;:0,&quot;carousel_fade&quot;:0,&quot;center&quot;:0,&quot;dots&quot;:0,&quot;items&quot;:&quot;2&quot;,&quot;loop&quot;:false,&quot;nav&quot;:0,&quot;slideby&quot;:&quot;1&quot;,&quot;smooth_play&quot;:0,&quot;speed&quot;:250,&quot;timeout&quot;:3000,&quot;transition&quot;:&quot;&quot;},&quot;carousel_breakpoints&quot;:{&quot;1200&quot;:{&quot;items&quot;:2},&quot;900&quot;:{&quot;autoHeight&quot;:0,&quot;autoplay&quot;:1,&quot;autoplayHoverPause&quot;:1,&quot;items&quot;:&quot;2&quot;,&quot;loop&quot;:false},&quot;600&quot;:{&quot;autoHeight&quot;:0,&quot;autoplay&quot;:1,&quot;autoplayHoverPause&quot;:1,&quot;items&quot;:2,&quot;loop&quot;:false},&quot;0&quot;:{&quot;autoHeight&quot;:0,&quot;autoplay&quot;:1,&quot;autoplayHoverPause&quot;:1,&quot;items&quot;:1,&quot;loop&quot;:true}}}'><\/div>\r\n\t<\/div><\/div><\/div><\/div><\/div><\/div><\/div><\/div><\/div><\/div><\/section><!-- Row Backgrounds --><div class=\"upb_color\" data-bg-override=\"0\" data-bg-color=\"#ffffff\" data-fadeout=\"\" data-fadeout-percentage=\"30\" data-parallax-content=\"\" data-parallax-content-sense=\"30\" data-row-effect-mobile-disable=\"true\" data-img-parallax-mobile-disable=\"true\" data-rtl=\"false\"  data-custom-vc-row=\"\"  data-vc=\"6.6.0\"  data-is_old_vc=\"\"  data-theme-support=\"\"   data-overlay=\"false\" data-overlay-color=\"\" data-overlay-pattern=\"\" data-overlay-pattern-opacity=\"\" data-overlay-pattern-size=\"\"    ><\/div>\n","protected":false},"excerpt":{"rendered":"AccueilPortfolioOffre Mobilhome basse saison Offre Mobilhome basse saison (01\/05 &#8211; 26\/05; 03\/09 &#8211; 01\/11) 30% de r\u00e9duction sur un s\u00e9jour de minimum 7 nuits dans nos mobilhomes. Il ne peut pas \u00eatre combin\u00e9 avec d&rsquo;autres offres. Information compl\u00e9mentaires","protected":false},"author":1,"featured_media":0,"parent":0,"menu_order":0,"comment_status":"closed","ping_status":"closed","template":"","meta":[],"yoast_head":"<!-- This site is optimized with the Yoast SEO plugin v16.0.2 - https:\/\/yoast.com\/wordpress\/plugins\/seo\/ -->\n<title>Camping San Gimignano Sienne, Camping Village Toscane, Vacances<\/title>\n<meta name=\"description\" content=\"Le Camping Boschetto di Piemma, \u00e0 deux kilom\u00e8tres seulement du bourg de San Gimignano. Camping avec piscine pour vacances en Toscane pr\u00e8s de Sienne.\" \/>\n<link rel=\"canonical\" href=\"https:\/\/boschettodipiemma.it\/fr\/\" \/>\n<meta property=\"og:locale\" content=\"fr_FR\" \/>\n<meta property=\"og:type\" content=\"article\" \/>\n<meta property=\"og:title\" content=\"Camping Boschetto di Piemma - Sienne\" \/>\n<meta property=\"og:description\" content=\"Le Camping Boschetto di Piemma, \u00e0 deux kilom\u00e8tres seulement du bourg de San Gimignano.\" \/>\n<meta property=\"og:url\" content=\"https:\/\/boschettodipiemma.it\/fr\/\" \/>\n<meta property=\"og:site_name\" content=\"Boschetto di Piemma\" \/>\n<meta property=\"article:publisher\" content=\"https:\/\/www.facebook.com\/camping.boschettodipiemma\" \/>\n<meta property=\"article:modified_time\" content=\"2025-12-05T16:17:50+00:00\" \/>\n<meta property=\"og:image\" content=\"http:\/\/boschettodipiemma.it\/wp-content\/uploads\/2021\/03\/camping-boschetto-di-piemma-siena-facebook.jpg\" \/>\n<meta name=\"twitter:card\" content=\"summary_large_image\" \/>\n<meta name=\"twitter:title\" content=\"Camping Boschetto di Piemma - Sienne\" \/>\n<meta name=\"twitter:description\" content=\"Le Camping Boschetto di Piemma, \u00e0 deux kilom\u00e8tres seulement du bourg de San Gimignano.\" \/>\n<meta name=\"twitter:image\" content=\"http:\/\/boschettodipiemma.it\/wp-content\/uploads\/2021\/03\/camping-boschetto-di-piemma-siena-facebook.jpg\" \/>\n<meta name=\"twitter:label1\" content=\"Dur\u00e9e de lecture est.\">\n\t<meta name=\"twitter:data1\" content=\"2 minutes\">\n<script type=\"application\/ld+json\" class=\"yoast-schema-graph\">{\"@context\":\"https:\/\/schema.org\",\"@graph\":[{\"@type\":\"WebSite\",\"@id\":\"https:\/\/boschettodipiemma.it\/#website\",\"url\":\"https:\/\/boschettodipiemma.it\/\",\"name\":\"Boschetto di Piemma\",\"description\":\"Campeggio San Gimignano Siena, Camping Village Toscana, Vacanze\",\"potentialAction\":[{\"@type\":\"SearchAction\",\"target\":\"https:\/\/boschettodipiemma.it\/?s={search_term_string}\",\"query-input\":\"required name=search_term_string\"}],\"inLanguage\":\"fr-FR\"},{\"@type\":\"WebPage\",\"@id\":\"https:\/\/boschettodipiemma.it\/fr\/#webpage\",\"url\":\"https:\/\/boschettodipiemma.it\/fr\/\",\"name\":\"Camping San Gimignano Sienne, Camping Village Toscane, Vacances\",\"isPartOf\":{\"@id\":\"https:\/\/boschettodipiemma.it\/#website\"},\"datePublished\":\"2021-03-31T13:54:59+00:00\",\"dateModified\":\"2025-12-05T16:17:50+00:00\",\"description\":\"Le Camping Boschetto di Piemma, \\u00e0 deux kilom\\u00e8tres seulement du bourg de San Gimignano. Camping avec piscine pour vacances en Toscane pr\\u00e8s de Sienne.\",\"breadcrumb\":{\"@id\":\"https:\/\/boschettodipiemma.it\/fr\/#breadcrumb\"},\"inLanguage\":\"fr-FR\",\"potentialAction\":[{\"@type\":\"ReadAction\",\"target\":[\"https:\/\/boschettodipiemma.it\/fr\/\"]}]},{\"@type\":\"BreadcrumbList\",\"@id\":\"https:\/\/boschettodipiemma.it\/fr\/#breadcrumb\",\"itemListElement\":[{\"@type\":\"ListItem\",\"position\":1,\"item\":{\"@type\":\"WebPage\",\"@id\":\"https:\/\/boschettodipiemma.it\/fr\/\",\"url\":\"https:\/\/boschettodipiemma.it\/fr\/\",\"name\":\"Home\"}},{\"@type\":\"ListItem\",\"position\":2,\"item\":{\"@type\":\"WebPage\",\"@id\":\"https:\/\/boschettodipiemma.it\/fr\/\",\"url\":\"https:\/\/boschettodipiemma.it\/fr\/\",\"name\":\"Home\"}}]}]}<\/script>\n<!-- \/ Yoast SEO plugin. -->","_links":{"self":[{"href":"https:\/\/boschettodipiemma.it\/fr\/wp-json\/wp\/v2\/pages\/1039"}],"collection":[{"href":"https:\/\/boschettodipiemma.it\/fr\/wp-json\/wp\/v2\/pages"}],"about":[{"href":"https:\/\/boschettodipiemma.it\/fr\/wp-json\/wp\/v2\/types\/page"}],"author":[{"embeddable":true,"href":"https:\/\/boschettodipiemma.it\/fr\/wp-json\/wp\/v2\/users\/1"}],"replies":[{"embeddable":true,"href":"https:\/\/boschettodipiemma.it\/fr\/wp-json\/wp\/v2\/comments?post=1039"}],"version-history":[{"count":15,"href":"https:\/\/boschettodipiemma.it\/fr\/wp-json\/wp\/v2\/pages\/1039\/revisions"}],"predecessor-version":[{"id":2015,"href":"https:\/\/boschettodipiemma.it\/fr\/wp-json\/wp\/v2\/pages\/1039\/revisions\/2015"}],"wp:attachment":[{"href":"https:\/\/boschettodipiemma.it\/fr\/wp-json\/wp\/v2\/media?parent=1039"}],"curies":[{"name":"wp","href":"https:\/\/api.w.org\/{rel}","templated":true}]}}